{"version":"1.0","provider_name":"Nasher News","provider_url":"https:\/\/nashernews.com\/fr\/","author_name":"Nasher News","author_url":"https:\/\/nashernews.com\/fr\/author\/adminnasher\/","title":"Prix Nationaux du Livre : les Laur\u00e9ats 2025 R\u00e9v\u00e9l\u00e9s - Nasher News","type":"rich","width":600,"height":338,"html":"<blockquote class=\"wp-embedded-content\" data-secret=\"fWIFB3YgMd\"><a href=\"https:\/\/nashernews.com\/fr\/prix-nationaux-du-livre-les-laureats-2025-reveles\/\">Prix Nationaux du Livre : les Laur\u00e9ats 2025 R\u00e9v\u00e9l\u00e9s<\/a><\/blockquote><iframe sandbox=\"allow-scripts\" security=\"restricted\" src=\"https:\/\/nashernews.com\/fr\/prix-nationaux-du-livre-les-laureats-2025-reveles\/embed\/#?secret=fWIFB3YgMd\" width=\"600\" height=\"338\" title=\"\u00ab\u00a0Prix Nationaux du Livre : les Laur\u00e9ats 2025 R\u00e9v\u00e9l\u00e9s\u00a0\u00bb &#8212; Nasher News\" data-secret=\"fWIFB3YgMd\" frameborder=\"0\" marginwidth=\"0\" marginheight=\"0\" scrolling=\"no\" class=\"wp-embedded-content\"><\/iframe><script type=\"text\/javascript\">\n\/* <![CDATA[ *\/\n\/*! This file is auto-generated *\/\n!function(d,l){\"use strict\";l.querySelector&&d.addEventListener&&\"undefined\"!=typeof URL&&(d.wp=d.wp||{},d.wp.receiveEmbedMessage||(d.wp.receiveEmbedMessage=function(e){var t=e.data;if((t||t.secret||t.message||t.value)&&!\/[^a-zA-Z0-9]\/.test(t.secret)){for(var s,r,n,a=l.querySelectorAll('iframe[data-secret=\"'+t.secret+'\"]'),o=l.querySelectorAll('blockquote[data-secret=\"'+t.secret+'\"]'),c=new RegExp(\"^https?:$\",\"i\"),i=0;i<o.length;i++)o[i].style.display=\"none\";for(i=0;i<a.length;i++)s=a[i],e.source===s.contentWindow&&(s.removeAttribute(\"style\"),\"height\"===t.message?(1e3<(r=parseInt(t.value,10))?r=1e3:~~r<200&&(r=200),s.height=r):\"link\"===t.message&&(r=new URL(s.getAttribute(\"src\")),n=new URL(t.value),c.test(n.protocol))&&n.host===r.host&&l.activeElement===s&&(d.top.location.href=t.value))}},d.addEventListener(\"message\",d.wp.receiveEmbedMessage,!1),l.addEventListener(\"DOMContentLoaded\",function(){for(var e,t,s=l.querySelectorAll(\"iframe.wp-embedded-content\"),r=0;r<s.length;r++)(t=(e=s[r]).getAttribute(\"data-secret\"))||(t=Math.random().toString(36).substring(2,12),e.src+=\"#?secret=\"+t,e.setAttribute(\"data-secret\",t)),e.contentWindow.postMessage({message:\"ready\",secret:t},\"*\")},!1)))}(window,document);\n\/* ]]> *\/\n<\/script>\n","thumbnail_url":"https:\/\/nashernews.com\/wp-content\/uploads\/2025\/11\/WebsitePost510.png","thumbnail_width":960,"thumbnail_height":600,"description":"Rabih Alameddine a remport\u00e9 le Prix National du Livre pour la fiction pour L\u2019Histoire V\u00e9ridique De Raja Le Cr\u00e9dule Et De Sa M\u00e8re, une vaste fresque qui traverse six d\u00e9cennies de l\u2019histoire du Liban. Le roman d\u00e9crit la guerre civile, l\u2019effondrement \u00e9conomique et les dilemmes identitaires \u00e0 travers le regard de son protagoniste, un professeur [&hellip;]"}