{"version":"1.0","provider_name":"Nasher News","provider_url":"https:\/\/nashernews.com\/fr\/","author_name":"Roger Tagholm","author_url":"https:\/\/nashernews.com\/fr\/author\/roger\/","title":"Faber acquiert le nouveau roman de Le\u00efla Slimani - Nasher News","type":"rich","width":600,"height":338,"html":"<blockquote class=\"wp-embedded-content\" data-secret=\"ssODcgbTXa\"><a href=\"https:\/\/nashernews.com\/fr\/faber-acquiert-le-nouveau-roman-de-leila-slimani\/\">Faber acquiert le nouveau roman de Le\u00efla Slimani<\/a><\/blockquote><iframe sandbox=\"allow-scripts\" security=\"restricted\" src=\"https:\/\/nashernews.com\/fr\/faber-acquiert-le-nouveau-roman-de-leila-slimani\/embed\/#?secret=ssODcgbTXa\" width=\"600\" height=\"338\" title=\"\u00ab\u00a0Faber acquiert le nouveau roman de Le\u00efla Slimani\u00a0\u00bb &#8212; Nasher News\" data-secret=\"ssODcgbTXa\" frameborder=\"0\" marginwidth=\"0\" marginheight=\"0\" scrolling=\"no\" class=\"wp-embedded-content\"><\/iframe><script type=\"text\/javascript\">\n\/* <![CDATA[ *\/\n\/*! This file is auto-generated *\/\n!function(d,l){\"use strict\";l.querySelector&&d.addEventListener&&\"undefined\"!=typeof URL&&(d.wp=d.wp||{},d.wp.receiveEmbedMessage||(d.wp.receiveEmbedMessage=function(e){var t=e.data;if((t||t.secret||t.message||t.value)&&!\/[^a-zA-Z0-9]\/.test(t.secret)){for(var s,r,n,a=l.querySelectorAll('iframe[data-secret=\"'+t.secret+'\"]'),o=l.querySelectorAll('blockquote[data-secret=\"'+t.secret+'\"]'),c=new RegExp(\"^https?:$\",\"i\"),i=0;i<o.length;i++)o[i].style.display=\"none\";for(i=0;i<a.length;i++)s=a[i],e.source===s.contentWindow&&(s.removeAttribute(\"style\"),\"height\"===t.message?(1e3<(r=parseInt(t.value,10))?r=1e3:~~r<200&&(r=200),s.height=r):\"link\"===t.message&&(r=new URL(s.getAttribute(\"src\")),n=new URL(t.value),c.test(n.protocol))&&n.host===r.host&&l.activeElement===s&&(d.top.location.href=t.value))}},d.addEventListener(\"message\",d.wp.receiveEmbedMessage,!1),l.addEventListener(\"DOMContentLoaded\",function(){for(var e,t,s=l.querySelectorAll(\"iframe.wp-embedded-content\"),r=0;r<s.length;r++)(t=(e=s[r]).getAttribute(\"data-secret\"))||(t=Math.random().toString(36).substring(2,12),e.src+=\"#?secret=\"+t,e.setAttribute(\"data-secret\",t)),e.contentWindow.postMessage({message:\"ready\",secret:t},\"*\")},!1)))}(window,document);\n\/* ]]> *\/\n<\/script>\n","thumbnail_url":"https:\/\/nashernews.com\/wp-content\/uploads\/2026\/01\/WebsitePost543.png","thumbnail_width":960,"thumbnail_height":600,"description":"Faber a acquis les droits du nouveau roman de Le\u00efla Slimani, Je prendrai le feu, dernier volet de sa trilogie Le Pays des autres. L\u2019ouvrage para\u00eetra en avril 2026 et s\u2019annonce comme une fresque poignante autour de la qu\u00eate de soi, des rapports de force, du d\u00e9sir et du mensonge. Louisa Joyner, \u00e9ditrice associ\u00e9e chez [&hellip;]"}